{"id":3386,"date":"2025-08-26T12:51:27","date_gmt":"2025-08-26T11:51:27","guid":{"rendered":"https:\/\/marsizsolt.hu\/?post_type=product&#038;p=3386"},"modified":"2025-08-27T17:17:47","modified_gmt":"2025-08-27T16:17:47","slug":"faszenes-grill-ricon-kerek-90-cm-atmero","status":"publish","type":"product","link":"https:\/\/marsizsolt.hu\/en\/product\/faszenes-grill-ricon-kerek-90-cm-atmero\/","title":{"rendered":"Faszenes grill Ricon kerek 90 cm \u00e1tm\u00e9r\u0151"},"content":{"rendered":"<p>Ez a grill val\u00f3sz\u00edn\u0171leg f\u00fcggeszthet\u0151 kivitel\u0171, p\u00e9ld\u00e1ul ny\u00edlt t\u0171z f\u00f6l\u00e9 vagy egy speci\u00e1lis \u00e1llv\u00e1nyra akaszthat\u00f3. A 90 cm-es m\u00e9ret az \u00e1tm\u00e9r\u0151j\u00e9re vagy a magass\u00e1g\u00e1ra utalhat. Jellemz\u0151en hagyom\u00e1nyosabb, rusztikusabb s\u00fct\u00e9si \u00e9lm\u00e9nyt ny\u00fajt, \u00e9s kiv\u00e1l\u00f3 lehet lass\u00fa s\u00fct\u00e9shez vagy f\u00fcst\u00f6l\u00e9shez.<\/p>","protected":false},"excerpt":{"rendered":"<p>Ez a grill val\u00f3sz\u00edn\u0171leg f\u00fcggeszthet\u0151 kivitel\u0171, p\u00e9ld\u00e1ul ny\u00edlt t\u0171z f\u00f6l\u00e9 vagy egy speci\u00e1lis \u00e1llv\u00e1nyra akaszthat\u00f3. A 90 cm-es m\u00e9ret az \u00e1tm\u00e9r\u0151j\u00e9re vagy a magass\u00e1g\u00e1ra utalhat. Jellemz\u0151en hagyom\u00e1nyosabb, rusztikusabb s\u00fct\u00e9si \u00e9lm\u00e9nyt ny\u00fajt, \u00e9s kiv\u00e1l\u00f3 lehet lass\u00fa s\u00fct\u00e9shez vagy f\u00fcst\u00f6l\u00e9shez.<\/p>","protected":false},"featured_media":3758,"template":"","meta":[],"product_brand":[],"product_cat":[37],"product_tag":[],"class_list":{"0":"post-3386","1":"product","2":"type-product","3":"status-publish","4":"has-post-thumbnail","6":"product_cat-kis-es-nagygepek","8":"first","9":"instock","10":"shipping-taxable","11":"purchasable","12":"product-type-simple"},"yoast_head":"<!-- This site is optimized with the Yoast SEO plugin v27.4 - https:\/\/yoast.com\/product\/yoast-seo-wordpress\/ -->\n<title>Faszenes grill Ricon kerek 90 cm \u00e1tm\u00e9r\u0151 | Komplett catering szolg\u00e1ltat\u00e1s \u00e9s eszk\u00f6zpark<\/title>\n<meta name=\"robots\" content=\"index, follow, max-snippet:-1, max-image-preview:large, max-video-preview:-1\" \/>\n<link rel=\"canonical\" href=\"https:\/\/marsizsolt.hu\/en\/product\/faszenes-grill-ricon-kerek-90-cm-atmero\/\" \/>\n<meta property=\"og:locale\" content=\"en_US\" \/>\n<meta property=\"og:type\" content=\"article\" \/>\n<meta property=\"og:title\" content=\"Faszenes grill Ricon kerek 90 cm \u00e1tm\u00e9r\u0151 | Komplett catering szolg\u00e1ltat\u00e1s \u00e9s eszk\u00f6zpark\" \/>\n<meta property=\"og:description\" content=\"Ez a grill val\u00f3sz\u00edn\u0171leg f\u00fcggeszthet\u0151 kivitel\u0171, p\u00e9ld\u00e1ul ny\u00edlt t\u0171z f\u00f6l\u00e9 vagy egy speci\u00e1lis \u00e1llv\u00e1nyra akaszthat\u00f3. A 90 cm-es m\u00e9ret az \u00e1tm\u00e9r\u0151j\u00e9re vagy a magass\u00e1g\u00e1ra utalhat. Jellemz\u0151en hagyom\u00e1nyosabb, rusztikusabb s\u00fct\u00e9si \u00e9lm\u00e9nyt ny\u00fajt, \u00e9s kiv\u00e1l\u00f3 lehet lass\u00fa s\u00fct\u00e9shez vagy f\u00fcst\u00f6l\u00e9shez.\" \/>\n<meta property=\"og:url\" content=\"https:\/\/marsizsolt.hu\/en\/product\/faszenes-grill-ricon-kerek-90-cm-atmero\/\" \/>\n<meta property=\"og:site_name\" content=\"Komplett catering szolg\u00e1ltat\u00e1s \u00e9s eszk\u00f6zpark\" \/>\n<meta property=\"article:publisher\" content=\"https:\/\/www.facebook.com\/gasztro.marsi\" \/>\n<meta property=\"article:modified_time\" content=\"2025-08-27T16:17:47+00:00\" \/>\n<meta property=\"og:image\" content=\"https:\/\/marsizsolt.hu\/wp-content\/uploads\/2025\/08\/7202-faszenes-grill-ricon-kerek-90-cm-atmero.webp\" \/>\n\t<meta property=\"og:image:width\" content=\"1800\" \/>\n\t<meta property=\"og:image:height\" content=\"1600\" \/>\n\t<meta property=\"og:image:type\" content=\"image\/webp\" \/>\n<meta name=\"twitter:card\" content=\"summary_large_image\" \/>\n<script type=\"application\/ld+json\" class=\"yoast-schema-graph\">{\"@context\":\"https:\\\/\\\/schema.org\",\"@graph\":[{\"@type\":\"WebPage\",\"@id\":\"https:\\\/\\\/marsizsolt.hu\\\/product\\\/faszenes-grill-ricon-kerek-90-cm-atmero\\\/\",\"url\":\"https:\\\/\\\/marsizsolt.hu\\\/product\\\/faszenes-grill-ricon-kerek-90-cm-atmero\\\/\",\"name\":\"Faszenes grill Ricon kerek 90 cm \u00e1tm\u00e9r\u0151 | Komplett catering szolg\u00e1ltat\u00e1s \u00e9s eszk\u00f6zpark\",\"isPartOf\":{\"@id\":\"https:\\\/\\\/marsizsolt.hu\\\/#website\"},\"primaryImageOfPage\":{\"@id\":\"https:\\\/\\\/marsizsolt.hu\\\/product\\\/faszenes-grill-ricon-kerek-90-cm-atmero\\\/#primaryimage\"},\"image\":{\"@id\":\"https:\\\/\\\/marsizsolt.hu\\\/product\\\/faszenes-grill-ricon-kerek-90-cm-atmero\\\/#primaryimage\"},\"thumbnailUrl\":\"https:\\\/\\\/marsizsolt.hu\\\/wp-content\\\/uploads\\\/2025\\\/08\\\/7202-faszenes-grill-ricon-kerek-90-cm-atmero.webp\",\"datePublished\":\"2025-08-26T11:51:27+00:00\",\"dateModified\":\"2025-08-27T16:17:47+00:00\",\"breadcrumb\":{\"@id\":\"https:\\\/\\\/marsizsolt.hu\\\/product\\\/faszenes-grill-ricon-kerek-90-cm-atmero\\\/#breadcrumb\"},\"inLanguage\":\"en-US\",\"potentialAction\":[{\"@type\":\"ReadAction\",\"target\":[\"https:\\\/\\\/marsizsolt.hu\\\/product\\\/faszenes-grill-ricon-kerek-90-cm-atmero\\\/\"]}]},{\"@type\":\"ImageObject\",\"inLanguage\":\"en-US\",\"@id\":\"https:\\\/\\\/marsizsolt.hu\\\/product\\\/faszenes-grill-ricon-kerek-90-cm-atmero\\\/#primaryimage\",\"url\":\"https:\\\/\\\/marsizsolt.hu\\\/wp-content\\\/uploads\\\/2025\\\/08\\\/7202-faszenes-grill-ricon-kerek-90-cm-atmero.webp\",\"contentUrl\":\"https:\\\/\\\/marsizsolt.hu\\\/wp-content\\\/uploads\\\/2025\\\/08\\\/7202-faszenes-grill-ricon-kerek-90-cm-atmero.webp\",\"width\":1800,\"height\":1600},{\"@type\":\"BreadcrumbList\",\"@id\":\"https:\\\/\\\/marsizsolt.hu\\\/product\\\/faszenes-grill-ricon-kerek-90-cm-atmero\\\/#breadcrumb\",\"itemListElement\":[{\"@type\":\"ListItem\",\"position\":1,\"name\":\"Home\",\"item\":\"https:\\\/\\\/marsizsolt.hu\\\/\"},{\"@type\":\"ListItem\",\"position\":2,\"name\":\"Shop\",\"item\":\"https:\\\/\\\/marsizsolt.hu\\\/shop\\\/\"},{\"@type\":\"ListItem\",\"position\":3,\"name\":\"Faszenes grill Ricon kerek 90 cm \u00e1tm\u00e9r\u0151\"}]},{\"@type\":\"WebSite\",\"@id\":\"https:\\\/\\\/marsizsolt.hu\\\/#website\",\"url\":\"https:\\\/\\\/marsizsolt.hu\\\/\",\"name\":\"marsizsolt.hu\",\"description\":\"Marsi Zsolt Catering &amp; Az Udvar \u2013 Az esem\u00e9nyed gasztron\u00f3miai h\u00e1ttere\",\"publisher\":{\"@id\":\"https:\\\/\\\/marsizsolt.hu\\\/#organization\"},\"potentialAction\":[{\"@type\":\"SearchAction\",\"target\":{\"@type\":\"EntryPoint\",\"urlTemplate\":\"https:\\\/\\\/marsizsolt.hu\\\/?s={search_term_string}\"},\"query-input\":{\"@type\":\"PropertyValueSpecification\",\"valueRequired\":true,\"valueName\":\"search_term_string\"}}],\"inLanguage\":\"en-US\"},{\"@type\":\"Organization\",\"@id\":\"https:\\\/\\\/marsizsolt.hu\\\/#organization\",\"name\":\"marsizsolt.hu\",\"url\":\"https:\\\/\\\/marsizsolt.hu\\\/\",\"logo\":{\"@type\":\"ImageObject\",\"inLanguage\":\"en-US\",\"@id\":\"https:\\\/\\\/marsizsolt.hu\\\/#\\\/schema\\\/logo\\\/image\\\/\",\"url\":\"https:\\\/\\\/marsizsolt.hu\\\/wp-content\\\/uploads\\\/2025\\\/04\\\/Catering.svg\",\"contentUrl\":\"https:\\\/\\\/marsizsolt.hu\\\/wp-content\\\/uploads\\\/2025\\\/04\\\/Catering.svg\",\"width\":132,\"height\":243,\"caption\":\"marsizsolt.hu\"},\"image\":{\"@id\":\"https:\\\/\\\/marsizsolt.hu\\\/#\\\/schema\\\/logo\\\/image\\\/\"},\"sameAs\":[\"https:\\\/\\\/www.facebook.com\\\/gasztro.marsi\",\"https:\\\/\\\/www.instagram.com\\\/gasztro.marsi\\\/\"]}]}<\/script>\n<!-- \/ Yoast SEO plugin. -->","yoast_head_json":{"title":"Faszenes grill Ricon kerek 90 cm \u00e1tm\u00e9r\u0151 | Komplett catering szolg\u00e1ltat\u00e1s \u00e9s eszk\u00f6zpark","robots":{"index":"index","follow":"follow","max-snippet":"max-snippet:-1","max-image-preview":"max-image-preview:large","max-video-preview":"max-video-preview:-1"},"canonical":"https:\/\/marsizsolt.hu\/en\/product\/faszenes-grill-ricon-kerek-90-cm-atmero\/","og_locale":"en_US","og_type":"article","og_title":"Faszenes grill Ricon kerek 90 cm \u00e1tm\u00e9r\u0151 | Komplett catering szolg\u00e1ltat\u00e1s \u00e9s eszk\u00f6zpark","og_description":"Ez a grill val\u00f3sz\u00edn\u0171leg f\u00fcggeszthet\u0151 kivitel\u0171, p\u00e9ld\u00e1ul ny\u00edlt t\u0171z f\u00f6l\u00e9 vagy egy speci\u00e1lis \u00e1llv\u00e1nyra akaszthat\u00f3. A 90 cm-es m\u00e9ret az \u00e1tm\u00e9r\u0151j\u00e9re vagy a magass\u00e1g\u00e1ra utalhat. Jellemz\u0151en hagyom\u00e1nyosabb, rusztikusabb s\u00fct\u00e9si \u00e9lm\u00e9nyt ny\u00fajt, \u00e9s kiv\u00e1l\u00f3 lehet lass\u00fa s\u00fct\u00e9shez vagy f\u00fcst\u00f6l\u00e9shez.","og_url":"https:\/\/marsizsolt.hu\/en\/product\/faszenes-grill-ricon-kerek-90-cm-atmero\/","og_site_name":"Komplett catering szolg\u00e1ltat\u00e1s \u00e9s eszk\u00f6zpark","article_publisher":"https:\/\/www.facebook.com\/gasztro.marsi","article_modified_time":"2025-08-27T16:17:47+00:00","og_image":[{"width":1800,"height":1600,"url":"https:\/\/marsizsolt.hu\/wp-content\/uploads\/2025\/08\/7202-faszenes-grill-ricon-kerek-90-cm-atmero.webp","type":"image\/webp"}],"twitter_card":"summary_large_image","schema":{"@context":"https:\/\/schema.org","@graph":[{"@type":"WebPage","@id":"https:\/\/marsizsolt.hu\/product\/faszenes-grill-ricon-kerek-90-cm-atmero\/","url":"https:\/\/marsizsolt.hu\/product\/faszenes-grill-ricon-kerek-90-cm-atmero\/","name":"Faszenes grill Ricon kerek 90 cm \u00e1tm\u00e9r\u0151 | Komplett catering szolg\u00e1ltat\u00e1s \u00e9s eszk\u00f6zpark","isPartOf":{"@id":"https:\/\/marsizsolt.hu\/#website"},"primaryImageOfPage":{"@id":"https:\/\/marsizsolt.hu\/product\/faszenes-grill-ricon-kerek-90-cm-atmero\/#primaryimage"},"image":{"@id":"https:\/\/marsizsolt.hu\/product\/faszenes-grill-ricon-kerek-90-cm-atmero\/#primaryimage"},"thumbnailUrl":"https:\/\/marsizsolt.hu\/wp-content\/uploads\/2025\/08\/7202-faszenes-grill-ricon-kerek-90-cm-atmero.webp","datePublished":"2025-08-26T11:51:27+00:00","dateModified":"2025-08-27T16:17:47+00:00","breadcrumb":{"@id":"https:\/\/marsizsolt.hu\/product\/faszenes-grill-ricon-kerek-90-cm-atmero\/#breadcrumb"},"inLanguage":"en-US","potentialAction":[{"@type":"ReadAction","target":["https:\/\/marsizsolt.hu\/product\/faszenes-grill-ricon-kerek-90-cm-atmero\/"]}]},{"@type":"ImageObject","inLanguage":"en-US","@id":"https:\/\/marsizsolt.hu\/product\/faszenes-grill-ricon-kerek-90-cm-atmero\/#primaryimage","url":"https:\/\/marsizsolt.hu\/wp-content\/uploads\/2025\/08\/7202-faszenes-grill-ricon-kerek-90-cm-atmero.webp","contentUrl":"https:\/\/marsizsolt.hu\/wp-content\/uploads\/2025\/08\/7202-faszenes-grill-ricon-kerek-90-cm-atmero.webp","width":1800,"height":1600},{"@type":"BreadcrumbList","@id":"https:\/\/marsizsolt.hu\/product\/faszenes-grill-ricon-kerek-90-cm-atmero\/#breadcrumb","itemListElement":[{"@type":"ListItem","position":1,"name":"Home","item":"https:\/\/marsizsolt.hu\/"},{"@type":"ListItem","position":2,"name":"Shop","item":"https:\/\/marsizsolt.hu\/shop\/"},{"@type":"ListItem","position":3,"name":"Faszenes grill Ricon kerek 90 cm \u00e1tm\u00e9r\u0151"}]},{"@type":"WebSite","@id":"https:\/\/marsizsolt.hu\/#website","url":"https:\/\/marsizsolt.hu\/","name":"marsizsolt.hu","description":"Marsi Zsolt Catering &amp; Az Udvar \u2013 Az esem\u00e9nyed gasztron\u00f3miai h\u00e1ttere","publisher":{"@id":"https:\/\/marsizsolt.hu\/#organization"},"potentialAction":[{"@type":"SearchAction","target":{"@type":"EntryPoint","urlTemplate":"https:\/\/marsizsolt.hu\/?s={search_term_string}"},"query-input":{"@type":"PropertyValueSpecification","valueRequired":true,"valueName":"search_term_string"}}],"inLanguage":"en-US"},{"@type":"Organization","@id":"https:\/\/marsizsolt.hu\/#organization","name":"marsizsolt.hu","url":"https:\/\/marsizsolt.hu\/","logo":{"@type":"ImageObject","inLanguage":"en-US","@id":"https:\/\/marsizsolt.hu\/#\/schema\/logo\/image\/","url":"https:\/\/marsizsolt.hu\/wp-content\/uploads\/2025\/04\/Catering.svg","contentUrl":"https:\/\/marsizsolt.hu\/wp-content\/uploads\/2025\/04\/Catering.svg","width":132,"height":243,"caption":"marsizsolt.hu"},"image":{"@id":"https:\/\/marsizsolt.hu\/#\/schema\/logo\/image\/"},"sameAs":["https:\/\/www.facebook.com\/gasztro.marsi","https:\/\/www.instagram.com\/gasztro.marsi\/"]}]}},"_links":{"self":[{"href":"https:\/\/marsizsolt.hu\/en\/wp-json\/wp\/v2\/product\/3386","targetHints":{"allow":["GET"]}}],"collection":[{"href":"https:\/\/marsizsolt.hu\/en\/wp-json\/wp\/v2\/product"}],"about":[{"href":"https:\/\/marsizsolt.hu\/en\/wp-json\/wp\/v2\/types\/product"}],"wp:featuredmedia":[{"embeddable":true,"href":"https:\/\/marsizsolt.hu\/en\/wp-json\/wp\/v2\/media\/3758"}],"wp:attachment":[{"href":"https:\/\/marsizsolt.hu\/en\/wp-json\/wp\/v2\/media?parent=3386"}],"wp:term":[{"taxonomy":"product_brand","embeddable":true,"href":"https:\/\/marsizsolt.hu\/en\/wp-json\/wp\/v2\/product_brand?post=3386"},{"taxonomy":"product_cat","embeddable":true,"href":"https:\/\/marsizsolt.hu\/en\/wp-json\/wp\/v2\/product_cat?post=3386"},{"taxonomy":"product_tag","embeddable":true,"href":"https:\/\/marsizsolt.hu\/en\/wp-json\/wp\/v2\/product_tag?post=3386"}],"curies":[{"name":"wp","href":"https:\/\/api.w.org\/{rel}","templated":true}]}}