{"id":3387,"date":"2025-08-26T12:51:27","date_gmt":"2025-08-26T11:51:27","guid":{"rendered":"https:\/\/marsizsolt.hu\/?post_type=product&#038;p=3387"},"modified":"2025-08-27T17:18:02","modified_gmt":"2025-08-27T16:18:02","slug":"rostsuto-also-szekrennyel-800x700-electrolux-9kw","status":"publish","type":"product","link":"https:\/\/marsizsolt.hu\/en\/product\/rostsuto-also-szekrennyel-800x700-electrolux-9kw\/","title":{"rendered":"Rosts\u00fct\u0151 als\u00f3 szekr\u00e9nnyel 800&#215;700 Electrolux 9kW"},"content":{"rendered":"<p>Egy profi, nagyteljes\u00edtm\u00e9ny\u0171 rozsdamentes ac\u00e9l rosts\u00fct\u0151 az Electroluxt\u00f3l, mely ide\u00e1lis \u00e9ttermek, nagykonyh\u00e1k sz\u00e1m\u00e1ra. A 800&#215;700 mm-es s\u00fct\u0151fel\u00fclet nagy kapacit\u00e1st biztos\u00edt. A be\u00e9p\u00edtett szekr\u00e9ny t\u00e1rol\u00f3helyet ny\u00fajt, a zs\u00edrgy\u0171jt\u0151 pedig egyszer\u0171s\u00edti a tiszt\u00edt\u00e1st \u00e9s hozz\u00e1j\u00e1rul a higi\u00e9ni\u00e1hoz.<\/p>","protected":false},"excerpt":{"rendered":"<p>Egy profi, nagyteljes\u00edtm\u00e9ny\u0171 rozsdamentes ac\u00e9l rosts\u00fct\u0151 az Electroluxt\u00f3l, mely ide\u00e1lis \u00e9ttermek, nagykonyh\u00e1k sz\u00e1m\u00e1ra. A 800&#215;700 mm-es s\u00fct\u0151fel\u00fclet nagy kapacit\u00e1st biztos\u00edt. A be\u00e9p\u00edtett szekr\u00e9ny t\u00e1rol\u00f3helyet ny\u00fajt, a zs\u00edrgy\u0171jt\u0151 pedig egyszer\u0171s\u00edti a tiszt\u00edt\u00e1st \u00e9s hozz\u00e1j\u00e1rul a higi\u00e9ni\u00e1hoz.<\/p>","protected":false},"featured_media":3759,"template":"","meta":[],"product_brand":[],"product_cat":[37],"product_tag":[],"class_list":{"0":"post-3387","1":"product","2":"type-product","3":"status-publish","4":"has-post-thumbnail","6":"product_cat-kis-es-nagygepek","8":"first","9":"instock","10":"shipping-taxable","11":"purchasable","12":"product-type-simple"},"yoast_head":"<!-- This site is optimized with the Yoast SEO plugin v27.4 - https:\/\/yoast.com\/product\/yoast-seo-wordpress\/ -->\n<title>Rosts\u00fct\u0151 als\u00f3 szekr\u00e9nnyel 800x700 Electrolux 9kW | Komplett catering szolg\u00e1ltat\u00e1s \u00e9s eszk\u00f6zpark<\/title>\n<meta name=\"robots\" content=\"index, follow, max-snippet:-1, max-image-preview:large, max-video-preview:-1\" \/>\n<link rel=\"canonical\" href=\"https:\/\/marsizsolt.hu\/en\/product\/rostsuto-also-szekrennyel-800x700-electrolux-9kw\/\" \/>\n<meta property=\"og:locale\" content=\"en_US\" \/>\n<meta property=\"og:type\" content=\"article\" \/>\n<meta property=\"og:title\" content=\"Rosts\u00fct\u0151 als\u00f3 szekr\u00e9nnyel 800x700 Electrolux 9kW | Komplett catering szolg\u00e1ltat\u00e1s \u00e9s eszk\u00f6zpark\" \/>\n<meta property=\"og:description\" content=\"Egy profi, nagyteljes\u00edtm\u00e9ny\u0171 rozsdamentes ac\u00e9l rosts\u00fct\u0151 az Electroluxt\u00f3l, mely ide\u00e1lis \u00e9ttermek, nagykonyh\u00e1k sz\u00e1m\u00e1ra. A 800&#215;700 mm-es s\u00fct\u0151fel\u00fclet nagy kapacit\u00e1st biztos\u00edt. A be\u00e9p\u00edtett szekr\u00e9ny t\u00e1rol\u00f3helyet ny\u00fajt, a zs\u00edrgy\u0171jt\u0151 pedig egyszer\u0171s\u00edti a tiszt\u00edt\u00e1st \u00e9s hozz\u00e1j\u00e1rul a higi\u00e9ni\u00e1hoz.\" \/>\n<meta property=\"og:url\" content=\"https:\/\/marsizsolt.hu\/en\/product\/rostsuto-also-szekrennyel-800x700-electrolux-9kw\/\" \/>\n<meta property=\"og:site_name\" content=\"Komplett catering szolg\u00e1ltat\u00e1s \u00e9s eszk\u00f6zpark\" \/>\n<meta property=\"article:publisher\" content=\"https:\/\/www.facebook.com\/gasztro.marsi\" \/>\n<meta property=\"article:modified_time\" content=\"2025-08-27T16:18:02+00:00\" \/>\n<meta property=\"og:image\" content=\"https:\/\/marsizsolt.hu\/wp-content\/uploads\/2025\/08\/7203-rostsuto-also-szekrennyel-800x700-electrolux-9kw.webp\" \/>\n\t<meta property=\"og:image:width\" content=\"700\" \/>\n\t<meta property=\"og:image:height\" content=\"700\" \/>\n\t<meta property=\"og:image:type\" content=\"image\/webp\" \/>\n<meta name=\"twitter:card\" content=\"summary_large_image\" \/>\n<script type=\"application\/ld+json\" class=\"yoast-schema-graph\">{\"@context\":\"https:\\\/\\\/schema.org\",\"@graph\":[{\"@type\":\"WebPage\",\"@id\":\"https:\\\/\\\/marsizsolt.hu\\\/product\\\/rostsuto-also-szekrennyel-800x700-electrolux-9kw\\\/\",\"url\":\"https:\\\/\\\/marsizsolt.hu\\\/product\\\/rostsuto-also-szekrennyel-800x700-electrolux-9kw\\\/\",\"name\":\"Rosts\u00fct\u0151 als\u00f3 szekr\u00e9nnyel 800x700 Electrolux 9kW | Komplett catering szolg\u00e1ltat\u00e1s \u00e9s eszk\u00f6zpark\",\"isPartOf\":{\"@id\":\"https:\\\/\\\/marsizsolt.hu\\\/#website\"},\"primaryImageOfPage\":{\"@id\":\"https:\\\/\\\/marsizsolt.hu\\\/product\\\/rostsuto-also-szekrennyel-800x700-electrolux-9kw\\\/#primaryimage\"},\"image\":{\"@id\":\"https:\\\/\\\/marsizsolt.hu\\\/product\\\/rostsuto-also-szekrennyel-800x700-electrolux-9kw\\\/#primaryimage\"},\"thumbnailUrl\":\"https:\\\/\\\/marsizsolt.hu\\\/wp-content\\\/uploads\\\/2025\\\/08\\\/7203-rostsuto-also-szekrennyel-800x700-electrolux-9kw.webp\",\"datePublished\":\"2025-08-26T11:51:27+00:00\",\"dateModified\":\"2025-08-27T16:18:02+00:00\",\"breadcrumb\":{\"@id\":\"https:\\\/\\\/marsizsolt.hu\\\/product\\\/rostsuto-also-szekrennyel-800x700-electrolux-9kw\\\/#breadcrumb\"},\"inLanguage\":\"en-US\",\"potentialAction\":[{\"@type\":\"ReadAction\",\"target\":[\"https:\\\/\\\/marsizsolt.hu\\\/product\\\/rostsuto-also-szekrennyel-800x700-electrolux-9kw\\\/\"]}]},{\"@type\":\"ImageObject\",\"inLanguage\":\"en-US\",\"@id\":\"https:\\\/\\\/marsizsolt.hu\\\/product\\\/rostsuto-also-szekrennyel-800x700-electrolux-9kw\\\/#primaryimage\",\"url\":\"https:\\\/\\\/marsizsolt.hu\\\/wp-content\\\/uploads\\\/2025\\\/08\\\/7203-rostsuto-also-szekrennyel-800x700-electrolux-9kw.webp\",\"contentUrl\":\"https:\\\/\\\/marsizsolt.hu\\\/wp-content\\\/uploads\\\/2025\\\/08\\\/7203-rostsuto-also-szekrennyel-800x700-electrolux-9kw.webp\",\"width\":700,\"height\":700},{\"@type\":\"BreadcrumbList\",\"@id\":\"https:\\\/\\\/marsizsolt.hu\\\/product\\\/rostsuto-also-szekrennyel-800x700-electrolux-9kw\\\/#breadcrumb\",\"itemListElement\":[{\"@type\":\"ListItem\",\"position\":1,\"name\":\"Home\",\"item\":\"https:\\\/\\\/marsizsolt.hu\\\/\"},{\"@type\":\"ListItem\",\"position\":2,\"name\":\"Shop\",\"item\":\"https:\\\/\\\/marsizsolt.hu\\\/shop\\\/\"},{\"@type\":\"ListItem\",\"position\":3,\"name\":\"Rosts\u00fct\u0151 als\u00f3 szekr\u00e9nnyel 800&#215;700 Electrolux 9kW\"}]},{\"@type\":\"WebSite\",\"@id\":\"https:\\\/\\\/marsizsolt.hu\\\/#website\",\"url\":\"https:\\\/\\\/marsizsolt.hu\\\/\",\"name\":\"marsizsolt.hu\",\"description\":\"Marsi Zsolt Catering &amp; Az Udvar \u2013 Az esem\u00e9nyed gasztron\u00f3miai h\u00e1ttere\",\"publisher\":{\"@id\":\"https:\\\/\\\/marsizsolt.hu\\\/#organization\"},\"potentialAction\":[{\"@type\":\"SearchAction\",\"target\":{\"@type\":\"EntryPoint\",\"urlTemplate\":\"https:\\\/\\\/marsizsolt.hu\\\/?s={search_term_string}\"},\"query-input\":{\"@type\":\"PropertyValueSpecification\",\"valueRequired\":true,\"valueName\":\"search_term_string\"}}],\"inLanguage\":\"en-US\"},{\"@type\":\"Organization\",\"@id\":\"https:\\\/\\\/marsizsolt.hu\\\/#organization\",\"name\":\"marsizsolt.hu\",\"url\":\"https:\\\/\\\/marsizsolt.hu\\\/\",\"logo\":{\"@type\":\"ImageObject\",\"inLanguage\":\"en-US\",\"@id\":\"https:\\\/\\\/marsizsolt.hu\\\/#\\\/schema\\\/logo\\\/image\\\/\",\"url\":\"https:\\\/\\\/marsizsolt.hu\\\/wp-content\\\/uploads\\\/2025\\\/04\\\/Catering.svg\",\"contentUrl\":\"https:\\\/\\\/marsizsolt.hu\\\/wp-content\\\/uploads\\\/2025\\\/04\\\/Catering.svg\",\"width\":132,\"height\":243,\"caption\":\"marsizsolt.hu\"},\"image\":{\"@id\":\"https:\\\/\\\/marsizsolt.hu\\\/#\\\/schema\\\/logo\\\/image\\\/\"},\"sameAs\":[\"https:\\\/\\\/www.facebook.com\\\/gasztro.marsi\",\"https:\\\/\\\/www.instagram.com\\\/gasztro.marsi\\\/\"]}]}<\/script>\n<!-- \/ Yoast SEO plugin. -->","yoast_head_json":{"title":"Rosts\u00fct\u0151 als\u00f3 szekr\u00e9nnyel 800x700 Electrolux 9kW | Komplett catering szolg\u00e1ltat\u00e1s \u00e9s eszk\u00f6zpark","robots":{"index":"index","follow":"follow","max-snippet":"max-snippet:-1","max-image-preview":"max-image-preview:large","max-video-preview":"max-video-preview:-1"},"canonical":"https:\/\/marsizsolt.hu\/en\/product\/rostsuto-also-szekrennyel-800x700-electrolux-9kw\/","og_locale":"en_US","og_type":"article","og_title":"Rosts\u00fct\u0151 als\u00f3 szekr\u00e9nnyel 800x700 Electrolux 9kW | Komplett catering szolg\u00e1ltat\u00e1s \u00e9s eszk\u00f6zpark","og_description":"Egy profi, nagyteljes\u00edtm\u00e9ny\u0171 rozsdamentes ac\u00e9l rosts\u00fct\u0151 az Electroluxt\u00f3l, mely ide\u00e1lis \u00e9ttermek, nagykonyh\u00e1k sz\u00e1m\u00e1ra. A 800&#215;700 mm-es s\u00fct\u0151fel\u00fclet nagy kapacit\u00e1st biztos\u00edt. A be\u00e9p\u00edtett szekr\u00e9ny t\u00e1rol\u00f3helyet ny\u00fajt, a zs\u00edrgy\u0171jt\u0151 pedig egyszer\u0171s\u00edti a tiszt\u00edt\u00e1st \u00e9s hozz\u00e1j\u00e1rul a higi\u00e9ni\u00e1hoz.","og_url":"https:\/\/marsizsolt.hu\/en\/product\/rostsuto-also-szekrennyel-800x700-electrolux-9kw\/","og_site_name":"Komplett catering szolg\u00e1ltat\u00e1s \u00e9s eszk\u00f6zpark","article_publisher":"https:\/\/www.facebook.com\/gasztro.marsi","article_modified_time":"2025-08-27T16:18:02+00:00","og_image":[{"width":700,"height":700,"url":"https:\/\/marsizsolt.hu\/wp-content\/uploads\/2025\/08\/7203-rostsuto-also-szekrennyel-800x700-electrolux-9kw.webp","type":"image\/webp"}],"twitter_card":"summary_large_image","schema":{"@context":"https:\/\/schema.org","@graph":[{"@type":"WebPage","@id":"https:\/\/marsizsolt.hu\/product\/rostsuto-also-szekrennyel-800x700-electrolux-9kw\/","url":"https:\/\/marsizsolt.hu\/product\/rostsuto-also-szekrennyel-800x700-electrolux-9kw\/","name":"Rosts\u00fct\u0151 als\u00f3 szekr\u00e9nnyel 800x700 Electrolux 9kW | Komplett catering szolg\u00e1ltat\u00e1s \u00e9s eszk\u00f6zpark","isPartOf":{"@id":"https:\/\/marsizsolt.hu\/#website"},"primaryImageOfPage":{"@id":"https:\/\/marsizsolt.hu\/product\/rostsuto-also-szekrennyel-800x700-electrolux-9kw\/#primaryimage"},"image":{"@id":"https:\/\/marsizsolt.hu\/product\/rostsuto-also-szekrennyel-800x700-electrolux-9kw\/#primaryimage"},"thumbnailUrl":"https:\/\/marsizsolt.hu\/wp-content\/uploads\/2025\/08\/7203-rostsuto-also-szekrennyel-800x700-electrolux-9kw.webp","datePublished":"2025-08-26T11:51:27+00:00","dateModified":"2025-08-27T16:18:02+00:00","breadcrumb":{"@id":"https:\/\/marsizsolt.hu\/product\/rostsuto-also-szekrennyel-800x700-electrolux-9kw\/#breadcrumb"},"inLanguage":"en-US","potentialAction":[{"@type":"ReadAction","target":["https:\/\/marsizsolt.hu\/product\/rostsuto-also-szekrennyel-800x700-electrolux-9kw\/"]}]},{"@type":"ImageObject","inLanguage":"en-US","@id":"https:\/\/marsizsolt.hu\/product\/rostsuto-also-szekrennyel-800x700-electrolux-9kw\/#primaryimage","url":"https:\/\/marsizsolt.hu\/wp-content\/uploads\/2025\/08\/7203-rostsuto-also-szekrennyel-800x700-electrolux-9kw.webp","contentUrl":"https:\/\/marsizsolt.hu\/wp-content\/uploads\/2025\/08\/7203-rostsuto-also-szekrennyel-800x700-electrolux-9kw.webp","width":700,"height":700},{"@type":"BreadcrumbList","@id":"https:\/\/marsizsolt.hu\/product\/rostsuto-also-szekrennyel-800x700-electrolux-9kw\/#breadcrumb","itemListElement":[{"@type":"ListItem","position":1,"name":"Home","item":"https:\/\/marsizsolt.hu\/"},{"@type":"ListItem","position":2,"name":"Shop","item":"https:\/\/marsizsolt.hu\/shop\/"},{"@type":"ListItem","position":3,"name":"Rosts\u00fct\u0151 als\u00f3 szekr\u00e9nnyel 800&#215;700 Electrolux 9kW"}]},{"@type":"WebSite","@id":"https:\/\/marsizsolt.hu\/#website","url":"https:\/\/marsizsolt.hu\/","name":"marsizsolt.hu","description":"Marsi Zsolt Catering &amp; Az Udvar \u2013 Az esem\u00e9nyed gasztron\u00f3miai h\u00e1ttere","publisher":{"@id":"https:\/\/marsizsolt.hu\/#organization"},"potentialAction":[{"@type":"SearchAction","target":{"@type":"EntryPoint","urlTemplate":"https:\/\/marsizsolt.hu\/?s={search_term_string}"},"query-input":{"@type":"PropertyValueSpecification","valueRequired":true,"valueName":"search_term_string"}}],"inLanguage":"en-US"},{"@type":"Organization","@id":"https:\/\/marsizsolt.hu\/#organization","name":"marsizsolt.hu","url":"https:\/\/marsizsolt.hu\/","logo":{"@type":"ImageObject","inLanguage":"en-US","@id":"https:\/\/marsizsolt.hu\/#\/schema\/logo\/image\/","url":"https:\/\/marsizsolt.hu\/wp-content\/uploads\/2025\/04\/Catering.svg","contentUrl":"https:\/\/marsizsolt.hu\/wp-content\/uploads\/2025\/04\/Catering.svg","width":132,"height":243,"caption":"marsizsolt.hu"},"image":{"@id":"https:\/\/marsizsolt.hu\/#\/schema\/logo\/image\/"},"sameAs":["https:\/\/www.facebook.com\/gasztro.marsi","https:\/\/www.instagram.com\/gasztro.marsi\/"]}]}},"_links":{"self":[{"href":"https:\/\/marsizsolt.hu\/en\/wp-json\/wp\/v2\/product\/3387","targetHints":{"allow":["GET"]}}],"collection":[{"href":"https:\/\/marsizsolt.hu\/en\/wp-json\/wp\/v2\/product"}],"about":[{"href":"https:\/\/marsizsolt.hu\/en\/wp-json\/wp\/v2\/types\/product"}],"wp:featuredmedia":[{"embeddable":true,"href":"https:\/\/marsizsolt.hu\/en\/wp-json\/wp\/v2\/media\/3759"}],"wp:attachment":[{"href":"https:\/\/marsizsolt.hu\/en\/wp-json\/wp\/v2\/media?parent=3387"}],"wp:term":[{"taxonomy":"product_brand","embeddable":true,"href":"https:\/\/marsizsolt.hu\/en\/wp-json\/wp\/v2\/product_brand?post=3387"},{"taxonomy":"product_cat","embeddable":true,"href":"https:\/\/marsizsolt.hu\/en\/wp-json\/wp\/v2\/product_cat?post=3387"},{"taxonomy":"product_tag","embeddable":true,"href":"https:\/\/marsizsolt.hu\/en\/wp-json\/wp\/v2\/product_tag?post=3387"}],"curies":[{"name":"wp","href":"https:\/\/api.w.org\/{rel}","templated":true}]}}